{"articles":[{"classes":["outercol"],"isFavourite":false,"isExternalUrl":{"articleLink":false},"articleListButtonsData":{"buttonsList":[{"label":"Les mer","url":"\/styret\/?Article=12004","type":"readmore"}],"mode":"default"},"favouriteType":null,"mnu":null,"section":null,"displayId":true,"docId":12004,"identifier":"12004Article","docType":"Article","customDate":false,"teaserData":{"teaserText":"","mode":"default"},"content":{"teaser":"","intro":"Styret i Arctic Energy Partners har hatt sin \u00e5rlige styresamling i Oslo med bes\u00f8k til blant annet Energidepartementet. "},"titles":{"main":"Styresamling med Arctic Energy Partners","readMoreButton":"Les mer"},"urls":{"readMore":"\/styret\/?Article=12004","booking":null},"created":{"date":"30.01.2026","time":"13:55","timestamp":1769777700},"introAllowHtml":false,"hasTicket":false,"extra":null,"hasReadMore":true,"media":{"imageData":{"path":"\/sites\/a\/arcticenergy.net\/files\/2026\/01\/20260129_140448_1_.jpg","width":4000,"height":1848,"aspectRatio":2.1645021645021645},"previewImageUrl":"\/sites\/a\/arcticenergy.net\/files\/2026\/01\/20260129_140448_1_.jpg?cropToFit=100x59&quality=50","imageVariants":[{"path":"\/sites\/a\/arcticenergy.net\/files\/2026\/01\/20260129_140448_1_.jpg?cropToFit=100x59&quality=75","width":100,"height":59,"aspectRatio":1.694915254237288},{"path":"\/sites\/a\/arcticenergy.net\/files\/2026\/01\/20260129_140448_1_.jpg?cropToFit=200x118&quality=75","width":200,"height":118,"aspectRatio":1.694915254237288},{"path":"\/sites\/a\/arcticenergy.net\/files\/2026\/01\/20260129_140448_1_.jpg?cropToFit=400x235&quality=75","width":400,"height":235,"aspectRatio":1.702127659574468},{"path":"\/sites\/a\/arcticenergy.net\/files\/2026\/01\/20260129_140448_1_.jpg?cropToFit=600x353&quality=75","width":600,"height":353,"aspectRatio":1.6997167138810199},{"path":"\/sites\/a\/arcticenergy.net\/files\/2026\/01\/20260129_140448_1_.jpg?cropToFit=800x471&quality=75","width":800,"height":471,"aspectRatio":1.6985138004246285},{"path":"\/sites\/a\/arcticenergy.net\/files\/2026\/01\/20260129_140448_1_.jpg?cropToFit=1000x588&quality=75","width":1000,"height":588,"aspectRatio":1.7006802721088434},{"path":"\/sites\/a\/arcticenergy.net\/files\/2026\/01\/20260129_140448_1_.jpg?cropToFit=1200x706&quality=75","width":1200,"height":706,"aspectRatio":1.6997167138810199}],"image":"\/sites\/a\/arcticenergy.net\/files\/2026\/01\/20260129_140448_1_.jpg","aspect":1.694915254237288,"type":"image","description":"Styret hadde blant annet et godt m\u00f8te med statssekret\u00e6r i Energidepartementet Snorre Skjevrak."},"additionalData":[]},{"classes":["outercol"],"isFavourite":false,"isExternalUrl":{"articleLink":false},"articleListButtonsData":{"buttonsList":[{"label":"Les mer","url":"\/styret\/?Article=2832","type":"readmore"}],"mode":"default"},"favouriteType":null,"mnu":null,"section":null,"displayId":true,"docId":2832,"identifier":"2832Article","docType":"Article","customDate":false,"teaserData":{"teaserText":"","mode":"default"},"content":{"teaser":"","intro":"21. juni 2025 fylte styreleder i Arctic Energy Partners Geir Seljeseth 60 \u00e5r. Geir har p\u00e5 en unik m\u00e5te satt sitt preg p\u00e5 og bidratt til vekst og utvikling i Nord-Norge."},"titles":{"main":"En bauta i Nord-Norge fyller 60 \u00e5r!","readMoreButton":"Les mer"},"urls":{"readMore":"\/styret\/?Article=2832","booking":null},"created":{"date":"25.06.2025","time":"09:27","timestamp":1750836420},"introAllowHtml":false,"hasTicket":false,"extra":null,"hasReadMore":true,"media":{"imageData":{"path":"\/sites\/a\/arcticenergy.net\/files\/geir_seljseth__1_.jpeg","width":800,"height":800,"aspectRatio":1},"previewImageUrl":"\/sites\/a\/arcticenergy.net\/files\/geir_seljseth__1_.jpeg?cropToFit=100x59&quality=50","imageVariants":[{"path":"\/sites\/a\/arcticenergy.net\/files\/geir_seljseth__1_.jpeg?cropToFit=100x59&quality=75","width":100,"height":59,"aspectRatio":1.694915254237288},{"path":"\/sites\/a\/arcticenergy.net\/files\/geir_seljseth__1_.jpeg?cropToFit=200x118&quality=75","width":200,"height":118,"aspectRatio":1.694915254237288},{"path":"\/sites\/a\/arcticenergy.net\/files\/geir_seljseth__1_.jpeg?cropToFit=400x235&quality=75","width":400,"height":235,"aspectRatio":1.702127659574468},{"path":"\/sites\/a\/arcticenergy.net\/files\/geir_seljseth__1_.jpeg?cropToFit=600x353&quality=75","width":600,"height":353,"aspectRatio":1.6997167138810199},{"path":"\/sites\/a\/arcticenergy.net\/files\/geir_seljseth__1_.jpeg?cropToFit=800x471&quality=75","width":800,"height":471,"aspectRatio":1.6985138004246285},{"path":"\/sites\/a\/arcticenergy.net\/files\/geir_seljseth__1_.jpeg?cropToFit=1000x588&quality=75","width":800,"height":470,"aspectRatio":1.702127659574468},{"path":"\/sites\/a\/arcticenergy.net\/files\/geir_seljseth__1_.jpeg?cropToFit=1200x706&quality=75","width":800,"height":471,"aspectRatio":1.6985138004246285}],"image":"\/sites\/a\/arcticenergy.net\/files\/geir_seljseth__1_.jpeg","aspect":1.694915254237288,"type":"image","description":" Geir har p\u00e5 en unik m\u00e5te satt sitt preg p\u00e5 og bidratt til vekst og utvikling i Nord-Norge skrive"},"additionalData":[]},{"classes":["outercol"],"isFavourite":false,"isExternalUrl":{"articleLink":false},"articleListButtonsData":{"buttonsList":[{"label":"Les mer","url":"\/styret\/?Article=2764","type":"readmore"}],"mode":"default"},"favouriteType":null,"mnu":null,"section":null,"displayId":true,"docId":2764,"identifier":"2764Article","docType":"Article","customDate":false,"teaserData":{"teaserText":"","mode":"default"},"content":{"teaser":"","intro":"P\u00e5 \u00e5rsm\u00f8tet 29. april ble det klart at Geir Seljeseth fra Forbundet Styrke fortsetter som styreleder i Arctic Energy Partners. Ny i styret er Lilliann S\u00f8rensen fra Kunnskapsparken Helgeland.  "},"titles":{"main":"Geir Seljeseth fortsetter som  styreleder i Arctic Energy Partners","readMoreButton":"Les mer"},"urls":{"readMore":"\/styret\/?Article=2764","booking":null},"created":{"date":"30.04.2025","time":"11:58","timestamp":1746007080},"introAllowHtml":false,"hasTicket":false,"extra":null,"hasReadMore":true,"media":{"imageData":{"path":"\/sites\/a\/arcticenergy.net\/files\/2025\/04\/20250429_150145.jpg","width":2669,"height":1848,"aspectRatio":1.4442640692640694},"previewImageUrl":"\/sites\/a\/arcticenergy.net\/files\/2025\/04\/20250429_150145.jpg?cropToFit=100x59&quality=50","imageVariants":[{"path":"\/sites\/a\/arcticenergy.net\/files\/2025\/04\/20250429_150145.jpg?cropToFit=100x59&quality=75","width":100,"height":59,"aspectRatio":1.694915254237288},{"path":"\/sites\/a\/arcticenergy.net\/files\/2025\/04\/20250429_150145.jpg?cropToFit=200x118&quality=75","width":200,"height":118,"aspectRatio":1.694915254237288},{"path":"\/sites\/a\/arcticenergy.net\/files\/2025\/04\/20250429_150145.jpg?cropToFit=400x235&quality=75","width":400,"height":235,"aspectRatio":1.702127659574468},{"path":"\/sites\/a\/arcticenergy.net\/files\/2025\/04\/20250429_150145.jpg?cropToFit=600x353&quality=75","width":600,"height":353,"aspectRatio":1.6997167138810199},{"path":"\/sites\/a\/arcticenergy.net\/files\/2025\/04\/20250429_150145.jpg?cropToFit=800x471&quality=75","width":800,"height":471,"aspectRatio":1.6985138004246285},{"path":"\/sites\/a\/arcticenergy.net\/files\/2025\/04\/20250429_150145.jpg?cropToFit=1000x588&quality=75","width":1000,"height":588,"aspectRatio":1.7006802721088434},{"path":"\/sites\/a\/arcticenergy.net\/files\/2025\/04\/20250429_150145.jpg?cropToFit=1200x706&quality=75","width":1200,"height":706,"aspectRatio":1.6997167138810199}],"image":"\/sites\/a\/arcticenergy.net\/files\/2025\/04\/20250429_150145.jpg","aspect":1.694915254237288,"type":"image","description":"Fra venstre: Geir Seljeseth, Jeanette Moland og Vidar Antonsen."},"additionalData":[]},{"classes":["outercol"],"isFavourite":false,"isExternalUrl":{"articleLink":false},"articleListButtonsData":{"buttonsList":[{"label":"Les mer","url":"\/styret\/?Article=2185","type":"readmore"}],"mode":"default"},"favouriteType":null,"mnu":null,"section":null,"displayId":true,"docId":2185,"identifier":"2185Article","docType":"Article","customDate":false,"teaserData":{"teaserText":"","mode":"default"},"content":{"teaser":"","intro":"P\u00e5 \u00e5rsm\u00f8tet til Arctic Energy Partners ble Geir Seljeseth gjenvalgt som styreleder for en ny periode p\u00e5 2 \u00e5r. Sondre Kastnes fra Helgeland Kraft er ny inn i styret.\u00a0"},"titles":{"main":"Nytt styre i Arctic Energy Partners\u00a0","readMoreButton":"Les mer"},"urls":{"readMore":"\/styret\/?Article=2185","booking":null},"created":{"date":"14.05.2024","time":"10:36","timestamp":1715675760},"introAllowHtml":false,"hasTicket":false,"extra":null,"hasReadMore":true,"media":{"imageData":{"path":"\/sites\/a\/arcticenergy.net\/files\/2024\/05\/gi__ver_seljeseth___rsm__te_2024_fb.png","width":1080,"height":1080,"aspectRatio":1},"previewImageUrl":"\/sites\/a\/arcticenergy.net\/files\/2024\/05\/gi__ver_seljeseth___rsm__te_2024_fb.png?cropToFit=100x59&quality=50","imageVariants":[{"path":"\/sites\/a\/arcticenergy.net\/files\/2024\/05\/gi__ver_seljeseth___rsm__te_2024_fb.png?cropToFit=100x59&quality=75","width":100,"height":59,"aspectRatio":1.694915254237288},{"path":"\/sites\/a\/arcticenergy.net\/files\/2024\/05\/gi__ver_seljeseth___rsm__te_2024_fb.png?cropToFit=200x118&quality=75","width":200,"height":118,"aspectRatio":1.694915254237288},{"path":"\/sites\/a\/arcticenergy.net\/files\/2024\/05\/gi__ver_seljeseth___rsm__te_2024_fb.png?cropToFit=400x235&quality=75","width":400,"height":235,"aspectRatio":1.702127659574468},{"path":"\/sites\/a\/arcticenergy.net\/files\/2024\/05\/gi__ver_seljeseth___rsm__te_2024_fb.png?cropToFit=600x353&quality=75","width":600,"height":353,"aspectRatio":1.6997167138810199},{"path":"\/sites\/a\/arcticenergy.net\/files\/2024\/05\/gi__ver_seljeseth___rsm__te_2024_fb.png?cropToFit=800x471&quality=75","width":800,"height":471,"aspectRatio":1.6985138004246285},{"path":"\/sites\/a\/arcticenergy.net\/files\/2024\/05\/gi__ver_seljeseth___rsm__te_2024_fb.png?cropToFit=1000x588&quality=75","width":1000,"height":588,"aspectRatio":1.7006802721088434},{"path":"\/sites\/a\/arcticenergy.net\/files\/2024\/05\/gi__ver_seljeseth___rsm__te_2024_fb.png?cropToFit=1200x706&quality=75","width":1080,"height":635,"aspectRatio":1.7007874015748032}],"image":"\/sites\/a\/arcticenergy.net\/files\/2024\/05\/gi__ver_seljeseth___rsm__te_2024_fb.png","aspect":1.694915254237288,"type":"image","description":"Direkt\u00f8r Kjell Gi\u00e6ver og styreleder Geir Seljeseth ledet \u00e5rsm\u00f8tet til Arctic Energy Partners."},"additionalData":[]},{"classes":["outercol"],"isFavourite":false,"isExternalUrl":{"articleLink":false},"articleListButtonsData":{"buttonsList":[{"label":"Les mer","url":"\/styret\/?Article=1290","type":"readmore"}],"mode":"default"},"favouriteType":null,"mnu":null,"section":null,"displayId":true,"docId":1290,"identifier":"1290Article","docType":"Article","customDate":false,"teaserData":{"teaserText":"","mode":"default"},"content":{"teaser":"","intro":"P\u00e5 \u00e5rsm\u00f8tet til Arctic Energy Partners torsdag 30. mars ble Geir Seljeseth fra LO valgt til ny styreleder. Inn i styret kommer ogs\u00e5 nye styremedlemmer Signe Kilskar fra KPB og Kristine R. Nordbakk fra Aibel.\u00a0"},"titles":{"main":"Geir Seljeseth er ny styreleder","readMoreButton":"Les mer"},"urls":{"readMore":"\/styret\/?Article=1290","booking":null},"created":{"date":"30.03.2023","time":"16:55","timestamp":1680188100},"introAllowHtml":false,"hasTicket":false,"extra":null,"hasReadMore":true,"media":{"imageData":{"path":"\/sites\/a\/arcticenergy.net\/files\/geir_seljseth__1_.jpeg","width":800,"height":800,"aspectRatio":1},"previewImageUrl":"\/sites\/a\/arcticenergy.net\/files\/geir_seljseth__1_.jpeg?cropToFit=100x59&quality=50","imageVariants":[{"path":"\/sites\/a\/arcticenergy.net\/files\/geir_seljseth__1_.jpeg?cropToFit=100x59&quality=75","width":100,"height":59,"aspectRatio":1.694915254237288},{"path":"\/sites\/a\/arcticenergy.net\/files\/geir_seljseth__1_.jpeg?cropToFit=200x118&quality=75","width":200,"height":118,"aspectRatio":1.694915254237288},{"path":"\/sites\/a\/arcticenergy.net\/files\/geir_seljseth__1_.jpeg?cropToFit=400x235&quality=75","width":400,"height":235,"aspectRatio":1.702127659574468},{"path":"\/sites\/a\/arcticenergy.net\/files\/geir_seljseth__1_.jpeg?cropToFit=600x353&quality=75","width":600,"height":353,"aspectRatio":1.6997167138810199},{"path":"\/sites\/a\/arcticenergy.net\/files\/geir_seljseth__1_.jpeg?cropToFit=800x471&quality=75","width":800,"height":471,"aspectRatio":1.6985138004246285},{"path":"\/sites\/a\/arcticenergy.net\/files\/geir_seljseth__1_.jpeg?cropToFit=1000x588&quality=75","width":800,"height":470,"aspectRatio":1.702127659574468},{"path":"\/sites\/a\/arcticenergy.net\/files\/geir_seljseth__1_.jpeg?cropToFit=1200x706&quality=75","width":800,"height":471,"aspectRatio":1.6985138004246285}],"image":"\/sites\/a\/arcticenergy.net\/files\/geir_seljseth__1_.jpeg","aspect":1.694915254237288,"type":"image","description":"Geir Seljeseth er ny styreleder i Arctic Energy Partners."},"additionalData":[]},{"classes":["outercol"],"isFavourite":false,"isExternalUrl":{"articleLink":false},"articleListButtonsData":{"buttonsList":[{"label":"Les mer","url":"\/styret\/?Article=2136","type":"readmore"}],"mode":"default"},"favouriteType":null,"mnu":null,"section":null,"displayId":true,"docId":2136,"identifier":"2136Article","docType":"Article","customDate":false,"teaserData":{"teaserText":"","mode":"default"},"content":{"teaser":"","intro":"Velkommen til \u00e5rsm\u00f8te 16. april kl. 16.00 i Hammerfest."},"titles":{"main":"\u00c5rsm\u00f8te Arctic Energy Partners 2024","readMoreButton":"Les mer"},"urls":{"readMore":"\/styret\/?Article=2136","booking":null},"created":{"date":"13.04.2024","time":"14:19","timestamp":1713010740},"introAllowHtml":false,"hasTicket":false,"extra":null,"hasReadMore":true,"media":{"imageData":{"path":"\/sites\/a\/arcticenergy.net\/files\/2024\/02\/__rsm__te_2024_fb.png","width":1080,"height":1080,"aspectRatio":1},"previewImageUrl":"\/sites\/a\/arcticenergy.net\/files\/2024\/02\/__rsm__te_2024_fb.png?cropToFit=100x59&quality=50","imageVariants":[{"path":"\/sites\/a\/arcticenergy.net\/files\/2024\/02\/__rsm__te_2024_fb.png?cropToFit=100x59&quality=75","width":100,"height":59,"aspectRatio":1.694915254237288},{"path":"\/sites\/a\/arcticenergy.net\/files\/2024\/02\/__rsm__te_2024_fb.png?cropToFit=200x118&quality=75","width":200,"height":118,"aspectRatio":1.694915254237288},{"path":"\/sites\/a\/arcticenergy.net\/files\/2024\/02\/__rsm__te_2024_fb.png?cropToFit=400x235&quality=75","width":400,"height":235,"aspectRatio":1.702127659574468},{"path":"\/sites\/a\/arcticenergy.net\/files\/2024\/02\/__rsm__te_2024_fb.png?cropToFit=600x353&quality=75","width":600,"height":353,"aspectRatio":1.6997167138810199},{"path":"\/sites\/a\/arcticenergy.net\/files\/2024\/02\/__rsm__te_2024_fb.png?cropToFit=800x471&quality=75","width":800,"height":471,"aspectRatio":1.6985138004246285},{"path":"\/sites\/a\/arcticenergy.net\/files\/2024\/02\/__rsm__te_2024_fb.png?cropToFit=1000x588&quality=75","width":1000,"height":588,"aspectRatio":1.7006802721088434},{"path":"\/sites\/a\/arcticenergy.net\/files\/2024\/02\/__rsm__te_2024_fb.png?cropToFit=1200x706&quality=75","width":1080,"height":635,"aspectRatio":1.7007874015748032}],"image":"\/sites\/a\/arcticenergy.net\/files\/2024\/02\/__rsm__te_2024_fb.png","aspect":1.694915254237288,"type":"image","description":null},"additionalData":[]},{"classes":["outercol"],"isFavourite":false,"isExternalUrl":{"articleLink":false},"articleListButtonsData":{"buttonsList":[{"label":"Les mer","url":"\/styret\/presentasjon-av-v\u00e5rt-styre","type":"readmore"}],"mode":"default"},"favouriteType":null,"mnu":null,"section":null,"displayId":true,"docId":17,"identifier":"17Article","docType":"Article","customDate":false,"teaserData":{"teaserText":"Styret i Arctic Energy Partners","mode":"default"},"content":{"teaser":"Styret i Arctic Energy Partners","intro":"Arctic Energy Partners har et godt faglig og bredt sammensatt styre og ledergruppe som bist\u00e5r medlemmene p\u00e5 foresp\u00f8rsel og ved behov."},"titles":{"main":"Presentasjon av v\u00e5rt styre","readMoreButton":"Les mer"},"urls":{"readMore":"\/styret\/presentasjon-av-v\u00e5rt-styre","booking":null},"created":{"date":"15.08.2018","time":"12:21","timestamp":1534328460},"introAllowHtml":false,"hasTicket":false,"extra":null,"hasReadMore":true,"media":{"imageData":{"path":"\/sites\/a\/arcticenergy.net\/files\/aep_profil_windmills_lilla-1.jpg","width":2500,"height":1406,"aspectRatio":1.7780938833570412},"previewImageUrl":"\/sites\/a\/arcticenergy.net\/files\/aep_profil_windmills_lilla-1.jpg?cropToFit=100x59&quality=50","imageVariants":[{"path":"\/sites\/a\/arcticenergy.net\/files\/aep_profil_windmills_lilla-1.jpg?cropToFit=100x59&quality=75","width":100,"height":59,"aspectRatio":1.694915254237288},{"path":"\/sites\/a\/arcticenergy.net\/files\/aep_profil_windmills_lilla-1.jpg?cropToFit=200x118&quality=75","width":200,"height":118,"aspectRatio":1.694915254237288},{"path":"\/sites\/a\/arcticenergy.net\/files\/aep_profil_windmills_lilla-1.jpg?cropToFit=400x235&quality=75","width":400,"height":235,"aspectRatio":1.702127659574468},{"path":"\/sites\/a\/arcticenergy.net\/files\/aep_profil_windmills_lilla-1.jpg?cropToFit=600x353&quality=75","width":600,"height":353,"aspectRatio":1.6997167138810199},{"path":"\/sites\/a\/arcticenergy.net\/files\/aep_profil_windmills_lilla-1.jpg?cropToFit=800x471&quality=75","width":800,"height":471,"aspectRatio":1.6985138004246285},{"path":"\/sites\/a\/arcticenergy.net\/files\/aep_profil_windmills_lilla-1.jpg?cropToFit=1000x588&quality=75","width":1000,"height":588,"aspectRatio":1.7006802721088434},{"path":"\/sites\/a\/arcticenergy.net\/files\/aep_profil_windmills_lilla-1.jpg?cropToFit=1200x706&quality=75","width":1200,"height":706,"aspectRatio":1.6997167138810199}],"image":"\/sites\/a\/arcticenergy.net\/files\/aep_profil_windmills_lilla-1.jpg","aspect":1.694915254237288,"type":"image","description":null},"additionalData":[]},{"classes":["outercol"],"isFavourite":false,"isExternalUrl":{"articleLink":false},"articleListButtonsData":{"buttonsList":[{"label":"Les mer","url":"\/styret\/?Article=520","type":"readmore"}],"mode":"default"},"favouriteType":null,"mnu":null,"section":null,"displayId":true,"docId":520,"identifier":"520Article","docType":"Article","customDate":false,"teaserData":{"teaserText":"Petro Arctic","mode":"default"},"content":{"teaser":"Petro Arctic","intro":"Den p\u00e5troppende styrelederen, Petter Bj\u00f8rkli, kommer fra Hammerfest og NorSea.\u00a0"},"titles":{"main":"Ny styreleder i Petro Arctic","readMoreButton":"Les mer"},"urls":{"readMore":"\/styret\/?Article=520","booking":null},"created":{"date":"21.04.2021","time":"19:05","timestamp":1619024700},"introAllowHtml":false,"hasTicket":false,"extra":null,"hasReadMore":true,"media":{"imageData":{"path":"\/sites\/a\/arcticenergy.net\/files\/petter_bjoerkli_valgt_2021.jpg","width":2500,"height":1667,"aspectRatio":1.4997000599880024},"previewImageUrl":"\/sites\/a\/arcticenergy.net\/files\/petter_bjoerkli_valgt_2021.jpg?cropToFit=100x59&quality=50","imageVariants":[{"path":"\/sites\/a\/arcticenergy.net\/files\/petter_bjoerkli_valgt_2021.jpg?cropToFit=100x59&quality=75","width":100,"height":59,"aspectRatio":1.694915254237288},{"path":"\/sites\/a\/arcticenergy.net\/files\/petter_bjoerkli_valgt_2021.jpg?cropToFit=200x118&quality=75","width":200,"height":118,"aspectRatio":1.694915254237288},{"path":"\/sites\/a\/arcticenergy.net\/files\/petter_bjoerkli_valgt_2021.jpg?cropToFit=400x235&quality=75","width":400,"height":235,"aspectRatio":1.702127659574468},{"path":"\/sites\/a\/arcticenergy.net\/files\/petter_bjoerkli_valgt_2021.jpg?cropToFit=600x353&quality=75","width":600,"height":353,"aspectRatio":1.6997167138810199},{"path":"\/sites\/a\/arcticenergy.net\/files\/petter_bjoerkli_valgt_2021.jpg?cropToFit=800x471&quality=75","width":800,"height":471,"aspectRatio":1.6985138004246285},{"path":"\/sites\/a\/arcticenergy.net\/files\/petter_bjoerkli_valgt_2021.jpg?cropToFit=1000x588&quality=75","width":1000,"height":588,"aspectRatio":1.7006802721088434},{"path":"\/sites\/a\/arcticenergy.net\/files\/petter_bjoerkli_valgt_2021.jpg?cropToFit=1200x706&quality=75","width":1200,"height":706,"aspectRatio":1.6997167138810199}],"image":"\/sites\/a\/arcticenergy.net\/files\/petter_bjoerkli_valgt_2021.jpg","aspect":1.694915254237288,"type":"image","description":"Petter Bj\u00f8rkli"},"additionalData":[]},{"classes":["outercol"],"isFavourite":false,"isExternalUrl":{"articleLink":false},"articleListButtonsData":{"buttonsList":[{"label":"Les mer","url":"\/styret\/?Article=350","type":"readmore"}],"mode":"default"},"favouriteType":null,"mnu":null,"section":null,"displayId":true,"docId":350,"identifier":"350Article","docType":"Article","customDate":false,"teaserData":{"teaserText":"Tett p\u00e5 styret","mode":"default"},"content":{"teaser":"Tett p\u00e5 styret","intro":"For Inger Lise Svendsen var det en dr\u00f8m \u00e5 kunne bruke sin internasjonale utdannelse i Finnmark. "},"titles":{"main":"Ser Nord-Norge i et globalt perspektiv","readMoreButton":"Les mer"},"urls":{"readMore":"\/styret\/?Article=350","booking":null},"created":{"date":"22.10.2019","time":"07:39","timestamp":1571722740},"introAllowHtml":false,"hasTicket":false,"extra":null,"hasReadMore":true,"media":{"imageData":{"path":"\/sites\/a\/arcticenergy.net\/files\/inger_lise_svendsen_2_red2.jpg","width":566,"height":425,"aspectRatio":1.331764705882353},"previewImageUrl":"\/sites\/a\/arcticenergy.net\/files\/inger_lise_svendsen_2_red2.jpg?cropToFit=100x59&quality=50","imageVariants":[{"path":"\/sites\/a\/arcticenergy.net\/files\/inger_lise_svendsen_2_red2.jpg?cropToFit=100x59&quality=75","width":100,"height":59,"aspectRatio":1.694915254237288},{"path":"\/sites\/a\/arcticenergy.net\/files\/inger_lise_svendsen_2_red2.jpg?cropToFit=200x118&quality=75","width":200,"height":118,"aspectRatio":1.694915254237288},{"path":"\/sites\/a\/arcticenergy.net\/files\/inger_lise_svendsen_2_red2.jpg?cropToFit=400x235&quality=75","width":400,"height":235,"aspectRatio":1.702127659574468},{"path":"\/sites\/a\/arcticenergy.net\/files\/inger_lise_svendsen_2_red2.jpg?cropToFit=600x353&quality=75","width":566,"height":333,"aspectRatio":1.6996996996996998},{"path":"\/sites\/a\/arcticenergy.net\/files\/inger_lise_svendsen_2_red2.jpg?cropToFit=800x471&quality=75","width":566,"height":333,"aspectRatio":1.6996996996996998},{"path":"\/sites\/a\/arcticenergy.net\/files\/inger_lise_svendsen_2_red2.jpg?cropToFit=1000x588&quality=75","width":566,"height":333,"aspectRatio":1.6996996996996998},{"path":"\/sites\/a\/arcticenergy.net\/files\/inger_lise_svendsen_2_red2.jpg?cropToFit=1200x706&quality=75","width":566,"height":333,"aspectRatio":1.6996996996996998}],"image":"\/sites\/a\/arcticenergy.net\/files\/inger_lise_svendsen_2_red2.jpg","aspect":1.694915254237288,"type":"image","description":null},"additionalData":[]},{"classes":["outercol"],"isFavourite":false,"isExternalUrl":{"articleLink":false},"articleListButtonsData":{"buttonsList":[{"label":"Les mer","url":"\/styret\/?Article=634","type":"readmore"}],"mode":"default"},"favouriteType":null,"mnu":null,"section":null,"displayId":true,"docId":634,"identifier":"634Article","docType":"Article","customDate":false,"teaserData":{"teaserText":"","mode":"default"},"content":{"teaser":"","intro":"Olje- og energidepartementet har oppnevnt Jan Gabor, styremedlem i Arctic Energy Partners, til CLIMITs programstyre. Gabor er direkt\u00f8r eiendomsutvikling for Mo industripark.\u00a0\u00a0"},"titles":{"main":"Jan Gabor inn i programstyret til CLIMIT","readMoreButton":"Les mer"},"urls":{"readMore":"\/styret\/?Article=634","booking":null},"created":{"date":"27.06.2022","time":"15:30","timestamp":1656336600},"introAllowHtml":false,"hasTicket":false,"extra":null,"hasReadMore":true,"media":{"imageData":{"path":"\/sites\/a\/arcticenergy.net\/files\/jan-gabor-juni_mo_industripark.jpg","width":1280,"height":670,"aspectRatio":1.9104477611940298},"previewImageUrl":"\/sites\/a\/arcticenergy.net\/files\/jan-gabor-juni_mo_industripark.jpg?cropToFit=100x59&quality=50","imageVariants":[{"path":"\/sites\/a\/arcticenergy.net\/files\/jan-gabor-juni_mo_industripark.jpg?cropToFit=100x59&quality=75","width":100,"height":59,"aspectRatio":1.694915254237288},{"path":"\/sites\/a\/arcticenergy.net\/files\/jan-gabor-juni_mo_industripark.jpg?cropToFit=200x118&quality=75","width":200,"height":118,"aspectRatio":1.694915254237288},{"path":"\/sites\/a\/arcticenergy.net\/files\/jan-gabor-juni_mo_industripark.jpg?cropToFit=400x235&quality=75","width":400,"height":235,"aspectRatio":1.702127659574468},{"path":"\/sites\/a\/arcticenergy.net\/files\/jan-gabor-juni_mo_industripark.jpg?cropToFit=600x353&quality=75","width":600,"height":353,"aspectRatio":1.6997167138810199},{"path":"\/sites\/a\/arcticenergy.net\/files\/jan-gabor-juni_mo_industripark.jpg?cropToFit=800x471&quality=75","width":800,"height":471,"aspectRatio":1.6985138004246285},{"path":"\/sites\/a\/arcticenergy.net\/files\/jan-gabor-juni_mo_industripark.jpg?cropToFit=1000x588&quality=75","width":1000,"height":588,"aspectRatio":1.7006802721088434},{"path":"\/sites\/a\/arcticenergy.net\/files\/jan-gabor-juni_mo_industripark.jpg?cropToFit=1200x706&quality=75","width":1139,"height":670,"aspectRatio":1.7}],"image":"\/sites\/a\/arcticenergy.net\/files\/jan-gabor-juni_mo_industripark.jpg","aspect":1.694915254237288,"type":"image","description":"Styremedlem i Arctic Energy Partners Jan Gabor"},"additionalData":[]},{"classes":["outercol"],"isFavourite":false,"isExternalUrl":{"articleLink":false},"articleListButtonsData":{"buttonsList":[{"label":"Les mer","url":"\/styret\/?Article=355","type":"readmore"}],"mode":"default"},"favouriteType":null,"mnu":null,"section":null,"displayId":true,"docId":355,"identifier":"355Article","docType":"Article","customDate":false,"teaserData":{"teaserText":"Tett p\u00e5 styret","mode":"default"},"content":{"teaser":"Tett p\u00e5 styret","intro":"Heidi Johnsen (44) er g\u00e5rdsjenta fra Balsfjord som  tror p\u00e5 forskning og innovasjon som en konkurransekraft. "},"titles":{"main":"Brenner for nordnorsk n\u00e6ringsliv","readMoreButton":"Les mer"},"urls":{"readMore":"\/styret\/?Article=355","booking":null},"created":{"date":"23.10.2019","time":"13:48","timestamp":1571831280},"introAllowHtml":false,"hasTicket":false,"extra":null,"hasReadMore":true,"media":{"imageData":{"path":"\/sites\/a\/arcticenergy.net\/files\/heidi1-2.jpg","width":1716,"height":925,"aspectRatio":1.855135135135135},"previewImageUrl":"\/sites\/a\/arcticenergy.net\/files\/heidi1-2.jpg?cropToFit=100x59&quality=50","imageVariants":[{"path":"\/sites\/a\/arcticenergy.net\/files\/heidi1-2.jpg?cropToFit=100x59&quality=75","width":100,"height":59,"aspectRatio":1.694915254237288},{"path":"\/sites\/a\/arcticenergy.net\/files\/heidi1-2.jpg?cropToFit=200x118&quality=75","width":200,"height":118,"aspectRatio":1.694915254237288},{"path":"\/sites\/a\/arcticenergy.net\/files\/heidi1-2.jpg?cropToFit=400x235&quality=75","width":400,"height":235,"aspectRatio":1.702127659574468},{"path":"\/sites\/a\/arcticenergy.net\/files\/heidi1-2.jpg?cropToFit=600x353&quality=75","width":600,"height":353,"aspectRatio":1.6997167138810199},{"path":"\/sites\/a\/arcticenergy.net\/files\/heidi1-2.jpg?cropToFit=800x471&quality=75","width":800,"height":471,"aspectRatio":1.6985138004246285},{"path":"\/sites\/a\/arcticenergy.net\/files\/heidi1-2.jpg?cropToFit=1000x588&quality=75","width":1000,"height":588,"aspectRatio":1.7006802721088434},{"path":"\/sites\/a\/arcticenergy.net\/files\/heidi1-2.jpg?cropToFit=1200x706&quality=75","width":1200,"height":706,"aspectRatio":1.6997167138810199}],"image":"\/sites\/a\/arcticenergy.net\/files\/heidi1-2.jpg","aspect":1.694915254237288,"type":"image","description":null},"additionalData":[]},{"classes":["outercol"],"isFavourite":false,"isExternalUrl":{"articleLink":false},"articleListButtonsData":{"buttonsList":[{"label":"Les mer","url":"\/styret\/?Article=351","type":"readmore"}],"mode":"default"},"favouriteType":null,"mnu":null,"section":null,"displayId":true,"docId":351,"identifier":"351Article","docType":"Article","customDate":false,"teaserData":{"teaserText":"Tett p\u00e5 styret","mode":"default"},"content":{"teaser":"Tett p\u00e5 styret","intro":"I tiden framover vil vi presentere medlemmene i styret i Petro Arctic. F\u00f8rst ut er styreleder Yngve Vassmyr.  "},"titles":{"main":"Styreleder med klare visjoner","readMoreButton":"Les mer"},"urls":{"readMore":"\/styret\/?Article=351","booking":null},"created":{"date":"22.10.2019","time":"07:47","timestamp":1571723220},"introAllowHtml":false,"hasTicket":false,"extra":null,"hasReadMore":true,"media":{"imageData":{"path":"\/sites\/a\/arcticenergy.net\/files\/yngve_vassmyr_2red.jpg","width":357,"height":515,"aspectRatio":0.6932038834951456},"previewImageUrl":"\/sites\/a\/arcticenergy.net\/files\/yngve_vassmyr_2red.jpg?cropToFit=100x59&quality=50","imageVariants":[{"path":"\/sites\/a\/arcticenergy.net\/files\/yngve_vassmyr_2red.jpg?cropToFit=100x59&quality=75","width":100,"height":59,"aspectRatio":1.694915254237288},{"path":"\/sites\/a\/arcticenergy.net\/files\/yngve_vassmyr_2red.jpg?cropToFit=200x118&quality=75","width":200,"height":118,"aspectRatio":1.694915254237288},{"path":"\/sites\/a\/arcticenergy.net\/files\/yngve_vassmyr_2red.jpg?cropToFit=400x235&quality=75","width":357,"height":210,"aspectRatio":1.7},{"path":"\/sites\/a\/arcticenergy.net\/files\/yngve_vassmyr_2red.jpg?cropToFit=600x353&quality=75","width":357,"height":210,"aspectRatio":1.7},{"path":"\/sites\/a\/arcticenergy.net\/files\/yngve_vassmyr_2red.jpg?cropToFit=800x471&quality=75","width":357,"height":210,"aspectRatio":1.7},{"path":"\/sites\/a\/arcticenergy.net\/files\/yngve_vassmyr_2red.jpg?cropToFit=1000x588&quality=75","width":357,"height":210,"aspectRatio":1.7},{"path":"\/sites\/a\/arcticenergy.net\/files\/yngve_vassmyr_2red.jpg?cropToFit=1200x706&quality=75","width":357,"height":210,"aspectRatio":1.7}],"image":"\/sites\/a\/arcticenergy.net\/files\/yngve_vassmyr_2red.jpg","aspect":1.694915254237288,"type":"image","description":null},"additionalData":[]},{"classes":["outercol"],"isFavourite":false,"isExternalUrl":{"articleLink":false},"articleListButtonsData":{"buttonsList":[{"label":"Les mer","url":"\/styret\/?Article=353","type":"readmore"}],"mode":"default"},"favouriteType":null,"mnu":null,"section":null,"displayId":true,"docId":353,"identifier":"353Article","docType":"Article","customDate":false,"teaserData":{"teaserText":"Tett p\u00e5 styret","mode":"default"},"content":{"teaser":"Tett p\u00e5 styret","intro":"Fra sitt st\u00e5sted ved Aker Solutions i Sandnessj\u00f8en tror lokasjonsleder Anbj\u00f8rg Skjerve p\u00e5 spennende tider for industrien."},"titles":{"main":"Tror p\u00e5 vekst i nordnorsk industri","readMoreButton":"Les mer"},"urls":{"readMore":"\/styret\/?Article=353","booking":null},"created":{"date":"23.10.2019","time":"09:26","timestamp":1571815560},"introAllowHtml":false,"hasTicket":false,"extra":null,"hasReadMore":true,"media":{"imageData":{"path":"\/sites\/a\/arcticenergy.net\/files\/annbjoerg_skjerve_red.jpg","width":473,"height":577,"aspectRatio":0.8197573656845754},"previewImageUrl":"\/sites\/a\/arcticenergy.net\/files\/annbjoerg_skjerve_red.jpg?cropToFit=100x59&quality=50","imageVariants":[{"path":"\/sites\/a\/arcticenergy.net\/files\/annbjoerg_skjerve_red.jpg?cropToFit=100x59&quality=75","width":100,"height":59,"aspectRatio":1.694915254237288},{"path":"\/sites\/a\/arcticenergy.net\/files\/annbjoerg_skjerve_red.jpg?cropToFit=200x118&quality=75","width":200,"height":118,"aspectRatio":1.694915254237288},{"path":"\/sites\/a\/arcticenergy.net\/files\/annbjoerg_skjerve_red.jpg?cropToFit=400x235&quality=75","width":400,"height":235,"aspectRatio":1.702127659574468},{"path":"\/sites\/a\/arcticenergy.net\/files\/annbjoerg_skjerve_red.jpg?cropToFit=600x353&quality=75","width":473,"height":278,"aspectRatio":1.7014388489208634},{"path":"\/sites\/a\/arcticenergy.net\/files\/annbjoerg_skjerve_red.jpg?cropToFit=800x471&quality=75","width":473,"height":278,"aspectRatio":1.7014388489208634},{"path":"\/sites\/a\/arcticenergy.net\/files\/annbjoerg_skjerve_red.jpg?cropToFit=1000x588&quality=75","width":473,"height":278,"aspectRatio":1.7014388489208634},{"path":"\/sites\/a\/arcticenergy.net\/files\/annbjoerg_skjerve_red.jpg?cropToFit=1200x706&quality=75","width":473,"height":278,"aspectRatio":1.7014388489208634}],"image":"\/sites\/a\/arcticenergy.net\/files\/annbjoerg_skjerve_red.jpg","aspect":1.694915254237288,"type":"image","description":null},"additionalData":[]}],"pages":[1],"currentPage":1,"sections":[]}